{"id":277,"date":"2021-08-30T08:42:31","date_gmt":"2021-08-30T08:42:31","guid":{"rendered":"http:\/\/blocher.at\/wordpress\/?page_id=277"},"modified":"2022-02-25T08:53:35","modified_gmt":"2022-02-25T08:53:35","slug":"appartements","status":"publish","type":"page","link":"https:\/\/ferienclub-amadeus.at\/?page_id=277","title":{"rendered":"Apartements"},"content":{"rendered":"\n<h2 class=\"wp-block-heading\">Beispielfotos f\u00fcr Apartements Typ B (f\u00fcr bis zu 4 Personen mit Schlafzimmer und Wohnschlafzimmer)<\/h2>\n\n\n\n<h2 class=\"wp-block-heading\">Wohnen<\/h2>\n\n\n\n<figure class=\"wp-block-image size-large is-style-default\"><img loading=\"lazy\" decoding=\"async\" width=\"1024\" height=\"682\" src=\"https:\/\/ferienclub-amadeus.at\/wp-content\/uploads\/2022\/02\/AWohnraum2-1024x682.jpg\" alt=\"\" class=\"wp-image-479\" srcset=\"https:\/\/ferienclub-amadeus.at\/wp-content\/uploads\/2022\/02\/AWohnraum2-1024x682.jpg 1024w, https:\/\/ferienclub-amadeus.at\/wp-content\/uploads\/2022\/02\/AWohnraum2-300x200.jpg 300w, https:\/\/ferienclub-amadeus.at\/wp-content\/uploads\/2022\/02\/AWohnraum2-768x512.jpg 768w, https:\/\/ferienclub-amadeus.at\/wp-content\/uploads\/2022\/02\/AWohnraum2-1536x1024.jpg 1536w, https:\/\/ferienclub-amadeus.at\/wp-content\/uploads\/2022\/02\/AWohnraum2.jpg 1838w\" sizes=\"auto, (max-width: 1024px) 100vw, 1024px\" \/><\/figure>\n\n\n\n<figure class=\"wp-block-image size-full is-style-default\"><img loading=\"lazy\" decoding=\"async\" width=\"1024\" height=\"682\" src=\"https:\/\/ferienclub-amadeus.at\/wp-content\/uploads\/2022\/02\/AWohnen_klein.jpg\" alt=\"\" class=\"wp-image-477\" srcset=\"https:\/\/ferienclub-amadeus.at\/wp-content\/uploads\/2022\/02\/AWohnen_klein.jpg 1024w, https:\/\/ferienclub-amadeus.at\/wp-content\/uploads\/2022\/02\/AWohnen_klein-300x200.jpg 300w, https:\/\/ferienclub-amadeus.at\/wp-content\/uploads\/2022\/02\/AWohnen_klein-768x512.jpg 768w\" sizes=\"auto, (max-width: 1024px) 100vw, 1024px\" \/><\/figure>\n\n\n\n<h2 class=\"wp-block-heading\">Schlafzimmer<\/h2>\n\n\n\n<figure class=\"wp-block-image size-large is-style-default\"><img loading=\"lazy\" decoding=\"async\" width=\"1024\" height=\"682\" src=\"https:\/\/ferienclub-amadeus.at\/wp-content\/uploads\/2022\/02\/ASchlafzimmer2-1024x682.jpg\" alt=\"\" class=\"wp-image-475\" srcset=\"https:\/\/ferienclub-amadeus.at\/wp-content\/uploads\/2022\/02\/ASchlafzimmer2-1024x682.jpg 1024w, https:\/\/ferienclub-amadeus.at\/wp-content\/uploads\/2022\/02\/ASchlafzimmer2-300x200.jpg 300w, https:\/\/ferienclub-amadeus.at\/wp-content\/uploads\/2022\/02\/ASchlafzimmer2-768x512.jpg 768w, https:\/\/ferienclub-amadeus.at\/wp-content\/uploads\/2022\/02\/ASchlafzimmer2-1536x1024.jpg 1536w, https:\/\/ferienclub-amadeus.at\/wp-content\/uploads\/2022\/02\/ASchlafzimmer2.jpg 1838w\" sizes=\"auto, (max-width: 1024px) 100vw, 1024px\" \/><\/figure>\n\n\n\n<figure class=\"wp-block-image size-full is-style-default\"><img loading=\"lazy\" decoding=\"async\" width=\"1024\" height=\"682\" src=\"https:\/\/ferienclub-amadeus.at\/wp-content\/uploads\/2022\/02\/ASchlafen_klein.jpg\" alt=\"\" class=\"wp-image-473\" srcset=\"https:\/\/ferienclub-amadeus.at\/wp-content\/uploads\/2022\/02\/ASchlafen_klein.jpg 1024w, https:\/\/ferienclub-amadeus.at\/wp-content\/uploads\/2022\/02\/ASchlafen_klein-300x200.jpg 300w, https:\/\/ferienclub-amadeus.at\/wp-content\/uploads\/2022\/02\/ASchlafen_klein-768x512.jpg 768w\" sizes=\"auto, (max-width: 1024px) 100vw, 1024px\" \/><\/figure>\n\n\n\n<h2 class=\"wp-block-heading\">Bad<\/h2>\n\n\n\n<figure class=\"wp-block-image size-large is-style-default\"><img loading=\"lazy\" decoding=\"async\" width=\"1024\" height=\"682\" src=\"https:\/\/ferienclub-amadeus.at\/wp-content\/uploads\/2022\/02\/ABad-1024x682.jpg\" alt=\"\" class=\"wp-image-467\" srcset=\"https:\/\/ferienclub-amadeus.at\/wp-content\/uploads\/2022\/02\/ABad-1024x682.jpg 1024w, https:\/\/ferienclub-amadeus.at\/wp-content\/uploads\/2022\/02\/ABad-300x200.jpg 300w, https:\/\/ferienclub-amadeus.at\/wp-content\/uploads\/2022\/02\/ABad-768x512.jpg 768w, https:\/\/ferienclub-amadeus.at\/wp-content\/uploads\/2022\/02\/ABad-1536x1024.jpg 1536w, https:\/\/ferienclub-amadeus.at\/wp-content\/uploads\/2022\/02\/ABad.jpg 1838w\" sizes=\"auto, (max-width: 1024px) 100vw, 1024px\" \/><\/figure>\n\n\n\n<figure class=\"wp-block-image size-full is-style-default\"><img loading=\"lazy\" decoding=\"async\" width=\"1024\" height=\"682\" src=\"https:\/\/ferienclub-amadeus.at\/wp-content\/uploads\/2022\/02\/ABad_klein.jpg\" alt=\"\" class=\"wp-image-465\" srcset=\"https:\/\/ferienclub-amadeus.at\/wp-content\/uploads\/2022\/02\/ABad_klein.jpg 1024w, https:\/\/ferienclub-amadeus.at\/wp-content\/uploads\/2022\/02\/ABad_klein-300x200.jpg 300w, https:\/\/ferienclub-amadeus.at\/wp-content\/uploads\/2022\/02\/ABad_klein-768x512.jpg 768w\" sizes=\"auto, (max-width: 1024px) 100vw, 1024px\" \/><\/figure>\n\n\n\n<h2 class=\"wp-block-heading\">Dusche<\/h2>\n\n\n\n<div class=\"wp-block-image is-style-default\"><figure class=\"aligncenter size-large\"><img loading=\"lazy\" decoding=\"async\" width=\"682\" height=\"1024\" src=\"https:\/\/ferienclub-amadeus.at\/wp-content\/uploads\/2022\/02\/ADusche-682x1024.jpg\" alt=\"\" class=\"wp-image-468\" srcset=\"https:\/\/ferienclub-amadeus.at\/wp-content\/uploads\/2022\/02\/ADusche-682x1024.jpg 682w, https:\/\/ferienclub-amadeus.at\/wp-content\/uploads\/2022\/02\/ADusche-200x300.jpg 200w, https:\/\/ferienclub-amadeus.at\/wp-content\/uploads\/2022\/02\/ADusche-768x1152.jpg 768w, https:\/\/ferienclub-amadeus.at\/wp-content\/uploads\/2022\/02\/ADusche-1024x1536.jpg 1024w, https:\/\/ferienclub-amadeus.at\/wp-content\/uploads\/2022\/02\/ADusche.jpg 1225w\" sizes=\"auto, (max-width: 682px) 100vw, 682px\" \/><\/figure><\/div>\n\n\n\n<h2 class=\"wp-block-heading\">Balkon<\/h2>\n\n\n\n<figure class=\"wp-block-image size-full is-style-default\"><img loading=\"lazy\" decoding=\"async\" width=\"1024\" height=\"682\" src=\"https:\/\/ferienclub-amadeus.at\/wp-content\/uploads\/2022\/02\/CBalkon.jpg\" alt=\"\" class=\"wp-image-487\" srcset=\"https:\/\/ferienclub-amadeus.at\/wp-content\/uploads\/2022\/02\/CBalkon.jpg 1024w, https:\/\/ferienclub-amadeus.at\/wp-content\/uploads\/2022\/02\/CBalkon-300x200.jpg 300w, https:\/\/ferienclub-amadeus.at\/wp-content\/uploads\/2022\/02\/CBalkon-768x512.jpg 768w\" sizes=\"auto, (max-width: 1024px) 100vw, 1024px\" \/><\/figure>\n\n\n\n<h2 class=\"wp-block-heading\">K\u00fcchenzeile<\/h2>\n\n\n\n<figure class=\"wp-block-image size-large is-style-default\"><img loading=\"lazy\" decoding=\"async\" width=\"1024\" height=\"682\" src=\"https:\/\/ferienclub-amadeus.at\/wp-content\/uploads\/2022\/02\/AKueche-1024x682.jpg\" alt=\"\" class=\"wp-image-472\" srcset=\"https:\/\/ferienclub-amadeus.at\/wp-content\/uploads\/2022\/02\/AKueche-1024x682.jpg 1024w, https:\/\/ferienclub-amadeus.at\/wp-content\/uploads\/2022\/02\/AKueche-300x200.jpg 300w, https:\/\/ferienclub-amadeus.at\/wp-content\/uploads\/2022\/02\/AKueche-768x512.jpg 768w, https:\/\/ferienclub-amadeus.at\/wp-content\/uploads\/2022\/02\/AKueche-1536x1024.jpg 1536w, https:\/\/ferienclub-amadeus.at\/wp-content\/uploads\/2022\/02\/AKueche.jpg 1838w\" sizes=\"auto, (max-width: 1024px) 100vw, 1024px\" \/><\/figure>\n\n\n\n<figure class=\"wp-block-image size-full is-style-default\"><img loading=\"lazy\" decoding=\"async\" width=\"1024\" height=\"682\" src=\"https:\/\/ferienclub-amadeus.at\/wp-content\/uploads\/2022\/02\/AKueche_klein.jpg\" alt=\"\" class=\"wp-image-470\" srcset=\"https:\/\/ferienclub-amadeus.at\/wp-content\/uploads\/2022\/02\/AKueche_klein.jpg 1024w, https:\/\/ferienclub-amadeus.at\/wp-content\/uploads\/2022\/02\/AKueche_klein-300x200.jpg 300w, https:\/\/ferienclub-amadeus.at\/wp-content\/uploads\/2022\/02\/AKueche_klein-768x512.jpg 768w\" sizes=\"auto, (max-width: 1024px) 100vw, 1024px\" \/><\/figure>\n\n\n\n<h2 class=\"wp-block-heading\">Beispielfotos Studio-Apartements Typ A (f\u00fcr 2 Personen mit max. 1 Kleinkind)<\/h2>\n\n\n\n<h2 class=\"wp-block-heading\">Wohn-Schlafraum<\/h2>\n\n\n\n<figure class=\"wp-block-image size-full is-style-default\"><img loading=\"lazy\" decoding=\"async\" width=\"1024\" height=\"682\" src=\"https:\/\/ferienclub-amadeus.at\/wp-content\/uploads\/2022\/02\/BRaum2.jpg\" alt=\"\" class=\"wp-image-486\" srcset=\"https:\/\/ferienclub-amadeus.at\/wp-content\/uploads\/2022\/02\/BRaum2.jpg 1024w, https:\/\/ferienclub-amadeus.at\/wp-content\/uploads\/2022\/02\/BRaum2-300x200.jpg 300w, https:\/\/ferienclub-amadeus.at\/wp-content\/uploads\/2022\/02\/BRaum2-768x512.jpg 768w\" sizes=\"auto, (max-width: 1024px) 100vw, 1024px\" \/><\/figure>\n\n\n\n<h2 class=\"wp-block-heading\">K\u00fcchenzeile<\/h2>\n\n\n\n<figure class=\"wp-block-image size-full is-style-default\"><img loading=\"lazy\" decoding=\"async\" width=\"1024\" height=\"682\" src=\"https:\/\/ferienclub-amadeus.at\/wp-content\/uploads\/2022\/02\/BKu\u0308che.jpg\" alt=\"\" class=\"wp-image-483\" srcset=\"https:\/\/ferienclub-amadeus.at\/wp-content\/uploads\/2022\/02\/BKu\u0308che.jpg 1024w, https:\/\/ferienclub-amadeus.at\/wp-content\/uploads\/2022\/02\/BKu\u0308che-300x200.jpg 300w, https:\/\/ferienclub-amadeus.at\/wp-content\/uploads\/2022\/02\/BKu\u0308che-768x512.jpg 768w\" sizes=\"auto, (max-width: 1024px) 100vw, 1024px\" \/><\/figure>\n\n\n\n<h2 class=\"wp-block-heading\">Bad<\/h2>\n\n\n\n<figure class=\"wp-block-image size-full is-style-default\"><img loading=\"lazy\" decoding=\"async\" width=\"1024\" height=\"682\" src=\"https:\/\/ferienclub-amadeus.at\/wp-content\/uploads\/2022\/02\/BBad.jpg\" alt=\"\" class=\"wp-image-482\" srcset=\"https:\/\/ferienclub-amadeus.at\/wp-content\/uploads\/2022\/02\/BBad.jpg 1024w, https:\/\/ferienclub-amadeus.at\/wp-content\/uploads\/2022\/02\/BBad-300x200.jpg 300w, https:\/\/ferienclub-amadeus.at\/wp-content\/uploads\/2022\/02\/BBad-768x512.jpg 768w\" sizes=\"auto, (max-width: 1024px) 100vw, 1024px\" \/><\/figure>\n\n\n\n<h2 class=\"wp-block-heading\">Terrasse<\/h2>\n\n\n\n<figure class=\"wp-block-image size-full is-style-default\"><img loading=\"lazy\" decoding=\"async\" width=\"1024\" height=\"682\" src=\"https:\/\/ferienclub-amadeus.at\/wp-content\/uploads\/2022\/02\/Terrasse1-1.jpg\" alt=\"\" class=\"wp-image-530\" srcset=\"https:\/\/ferienclub-amadeus.at\/wp-content\/uploads\/2022\/02\/Terrasse1-1.jpg 1024w, https:\/\/ferienclub-amadeus.at\/wp-content\/uploads\/2022\/02\/Terrasse1-1-300x200.jpg 300w, https:\/\/ferienclub-amadeus.at\/wp-content\/uploads\/2022\/02\/Terrasse1-1-768x512.jpg 768w\" sizes=\"auto, (max-width: 1024px) 100vw, 1024px\" \/><\/figure>\n\n\n\n<h2 class=\"wp-block-heading\">Saunas<\/h2>\n\n\n\n<figure class=\"wp-block-image size-full is-style-default\"><img loading=\"lazy\" decoding=\"async\" width=\"1024\" height=\"682\" src=\"https:\/\/ferienclub-amadeus.at\/wp-content\/uploads\/2022\/02\/Sauna2-1.jpg\" alt=\"\" class=\"wp-image-524\" srcset=\"https:\/\/ferienclub-amadeus.at\/wp-content\/uploads\/2022\/02\/Sauna2-1.jpg 1024w, https:\/\/ferienclub-amadeus.at\/wp-content\/uploads\/2022\/02\/Sauna2-1-300x200.jpg 300w, https:\/\/ferienclub-amadeus.at\/wp-content\/uploads\/2022\/02\/Sauna2-1-768x512.jpg 768w\" sizes=\"auto, (max-width: 1024px) 100vw, 1024px\" \/><\/figure>\n\n\n\n<figure class=\"wp-block-image size-full is-style-default\"><img loading=\"lazy\" decoding=\"async\" width=\"1024\" height=\"682\" src=\"https:\/\/ferienclub-amadeus.at\/wp-content\/uploads\/2022\/02\/sauna5-1.jpg\" alt=\"\" class=\"wp-image-527\" srcset=\"https:\/\/ferienclub-amadeus.at\/wp-content\/uploads\/2022\/02\/sauna5-1.jpg 1024w, https:\/\/ferienclub-amadeus.at\/wp-content\/uploads\/2022\/02\/sauna5-1-300x200.jpg 300w, https:\/\/ferienclub-amadeus.at\/wp-content\/uploads\/2022\/02\/sauna5-1-768x512.jpg 768w\" sizes=\"auto, (max-width: 1024px) 100vw, 1024px\" \/><\/figure>\n","protected":false},"excerpt":{"rendered":"<p>Beispielfotos f\u00fcr Apartements Typ B (f\u00fcr bis zu 4 Personen mit Schlafzimmer und Wohnschlafzimmer) Wohnen Schlafzimmer Bad Dusche Balkon K\u00fcchenzeile Beispielfotos Studio-Apartements Typ A (f\u00fcr 2 Personen mit max. 1 Kleinkind) Wohn-Schlafraum K\u00fcchenzeile Bad Terrasse Saunas<\/p>\n","protected":false},"author":1,"featured_media":0,"parent":0,"menu_order":0,"comment_status":"closed","ping_status":"closed","template":"","meta":{"inspiro_hide_title":false,"footnotes":""},"class_list":["post-277","page","type-page","status-publish","hentry"],"_links":{"self":[{"href":"https:\/\/ferienclub-amadeus.at\/index.php?rest_route=\/wp\/v2\/pages\/277","targetHints":{"allow":["GET"]}}],"collection":[{"href":"https:\/\/ferienclub-amadeus.at\/index.php?rest_route=\/wp\/v2\/pages"}],"about":[{"href":"https:\/\/ferienclub-amadeus.at\/index.php?rest_route=\/wp\/v2\/types\/page"}],"author":[{"embeddable":true,"href":"https:\/\/ferienclub-amadeus.at\/index.php?rest_route=\/wp\/v2\/users\/1"}],"replies":[{"embeddable":true,"href":"https:\/\/ferienclub-amadeus.at\/index.php?rest_route=%2Fwp%2Fv2%2Fcomments&post=277"}],"version-history":[{"count":10,"href":"https:\/\/ferienclub-amadeus.at\/index.php?rest_route=\/wp\/v2\/pages\/277\/revisions"}],"predecessor-version":[{"id":550,"href":"https:\/\/ferienclub-amadeus.at\/index.php?rest_route=\/wp\/v2\/pages\/277\/revisions\/550"}],"wp:attachment":[{"href":"https:\/\/ferienclub-amadeus.at\/index.php?rest_route=%2Fwp%2Fv2%2Fmedia&parent=277"}],"curies":[{"name":"wp","href":"https:\/\/api.w.org\/{rel}","templated":true}]}}